{"id":174,"date":"2018-11-28T10:06:45","date_gmt":"2018-11-28T10:06:45","guid":{"rendered":"https:\/\/www.homar.pt\/novo\/?page_id=174"},"modified":"2024-05-07T16:10:55","modified_gmt":"2024-05-07T16:10:55","slug":"autoconsumo","status":"publish","type":"page","link":"https:\/\/www.homar.pt\/novo\/autoconsumo\/","title":{"rendered":"Autoconsumo"},"content":{"rendered":"<p>[et_pb_section fb_built=&#8221;1&#8243; fullwidth=&#8221;on&#8221; _builder_version=&#8221;4.16&#8243; global_colors_info=&#8221;{}&#8221;][et_pb_fullwidth_header title=&#8221;Autoconsumo &#8211; UPP &#8211; Sistema solar fotovoltaico&#8221; _builder_version=&#8221;4.16&#8243; title_text_color=&#8221;#00923f&#8221; background_color=&#8221;#f4f4f4&#8243; border_width_top=&#8221;2px&#8221; border_color_top=&#8221;#eeeeee&#8221; border_width_bottom=&#8221;1px&#8221; border_color_bottom=&#8221;#eeeeee&#8221; global_colors_info=&#8221;{}&#8221;][\/et_pb_fullwidth_header][\/et_pb_section][et_pb_section fb_built=&#8221;1&#8243; _builder_version=&#8221;4.16&#8243; global_colors_info=&#8221;{}&#8221;][et_pb_row column_structure=&#8221;1_2,1_2&#8243; _builder_version=&#8221;4.16&#8243; background_size=&#8221;initial&#8221; background_position=&#8221;top_left&#8221; background_repeat=&#8221;repeat&#8221; global_colors_info=&#8221;{}&#8221;][et_pb_column type=&#8221;1_2&#8243; _builder_version=&#8221;4.16&#8243; custom_padding=&#8221;|||&#8221; global_colors_info=&#8221;{}&#8221; custom_padding__hover=&#8221;|||&#8221;][et_pb_text _builder_version=&#8221;4.25.0&#8243; hover_enabled=&#8221;0&#8243; global_colors_info=&#8221;{}&#8221; sticky_enabled=&#8221;0&#8243;]<\/p>\n<h3><\/h3>\n<h3>Benef\u00edcios<\/h3>\n<p>\u00a0<i class=\"fa fa-check-square\"><\/i>\u00a0Retorno de investimento 4 anos\u00a0<\/p>\n<p><i class=\"fa fa-check-square\"><\/i>\u00a0Garantia dos equipamentos at\u00e9 25 anos.<\/p>\n<p><i class=\"fa fa-check-square\"><\/i>\u00a0Energia solar \u00e9 gratuita.<\/p>\n<p><i class=\"fa fa-check-square\"><\/i>\u00a0Excedentes de energia remunerados.<\/p>\n<p><i class=\"fa fa-check-square\"><\/i>\u00a0Melhor classifica\u00e7\u00e3o energ\u00e9tica do im\u00f3vel.<\/p>\n<p><i class=\"fa fa-check-square\"><\/i>\u00a0Tarif\u00e1rio noturno aplicado 24 H (C\/ baterias).<\/p>\n<p><i class=\"fa fa-check-square\"><\/i>\u00a0Redu\u00e7\u00e3o da pot\u00eancia contratada.<\/p>\n<p><i class=\"fa fa-check-square\"><\/i>\u00a0Responsabilidade social e ambiental<\/p>\n<p>&nbsp;<\/p>\n<p>[\/et_pb_text][\/et_pb_column][et_pb_column type=&#8221;1_2&#8243; _builder_version=&#8221;4.16&#8243; custom_padding=&#8221;|||&#8221; global_colors_info=&#8221;{}&#8221; custom_padding__hover=&#8221;|||&#8221;][et_pb_text _builder_version=&#8221;4.16&#8243; global_colors_info=&#8221;{}&#8221;]<\/p>\n<h3>Enquadramento Legal<\/h3>\n<p>No \u00e2mbito do DL 153\/2014 \u00e9 poss\u00edvel produzir energia e consumi-la no local da instala\u00e7\u00e3o. Prev\u00ea o presente DL que os excedentes de produ\u00e7\u00e3o possam ser injetados na rede p\u00fablica e remunerados.<br \/>Al\u00e9m disso o produtor pode escolher usar ou n\u00e3o sistema de armazenamento de energia recorrendo a baterias. Assim, o produtor de energia tem m\u00faltiplos modos de funcionamento que permitir\u00e3o um aproveitamento total da energia solar dispon\u00edvel. A sele\u00e7\u00e3o entre os diferentes modos de funcionamento \u00e9 executada pelo inversor de forma autom\u00e1tica.<br \/>A HOMAR, disponibiliza aos seus clientes solu\u00e7\u00f5es chave-na-m\u00e3o baseadas em produtos de reconhecida qualidade.\u00a0<\/p>\n<p>[\/et_pb_text][\/et_pb_column][\/et_pb_row][et_pb_row column_structure=&#8221;2_3,1_3&#8243; _builder_version=&#8221;4.16&#8243; background_color=&#8221;#fcfcfc&#8221; custom_padding=&#8221;0px|0px|0px|0px&#8221; border_radii=&#8221;on|0px|0px|0px|0px&#8221; border_color_all=&#8221;#f9f9f9&#8243; global_colors_info=&#8221;{}&#8221;][et_pb_column type=&#8221;2_3&#8243; _builder_version=&#8221;4.16&#8243; custom_padding=&#8221;|||&#8221; global_colors_info=&#8221;{}&#8221; custom_padding__hover=&#8221;|||&#8221;][et_pb_text _builder_version=&#8221;4.16&#8243; border_color_all=&#8221;#e0e0e0&#8243; global_colors_info=&#8221;{}&#8221;]<\/p>\n<h3 style=\"text-align: center;\">Visite a nossa Galeria para ver mais exemplos<\/h3>\n<p>[\/et_pb_text][\/et_pb_column][et_pb_column type=&#8221;1_3&#8243; _builder_version=&#8221;4.16&#8243; custom_padding=&#8221;|||&#8221; global_colors_info=&#8221;{}&#8221; custom_padding__hover=&#8221;|||&#8221;][et_pb_button button_url=&#8221;https:\/\/www.homar.pt\/novo\/galeria&#8221; button_text=&#8221;Galeria&#8221; _builder_version=&#8221;4.16&#8243; global_colors_info=&#8221;{}&#8221;][\/et_pb_button][\/et_pb_column][\/et_pb_row][\/et_pb_section]<\/p>\n","protected":false},"excerpt":{"rendered":"<p>Benef\u00edcios \u00a0\u00a0Retorno de investimento 4 anos\u00a0 \u00a0Garantia dos equipamentos at\u00e9 25 anos. \u00a0Energia solar \u00e9 gratuita. \u00a0Excedentes de energia remunerados. \u00a0Melhor classifica\u00e7\u00e3o energ\u00e9tica do im\u00f3vel. \u00a0Tarif\u00e1rio noturno aplicado 24 H (C\/ baterias). \u00a0Redu\u00e7\u00e3o da pot\u00eancia contratada. \u00a0Responsabilidade social e ambiental &nbsp;Enquadramento Legal No \u00e2mbito do DL 153\/2014 \u00e9 poss\u00edvel produzir energia e consumi-la no local [&hellip;]<\/p>\n","protected":false},"author":1,"featured_media":0,"parent":0,"menu_order":0,"comment_status":"closed","ping_status":"closed","template":"","meta":{"_et_pb_use_builder":"on","_et_pb_old_content":"","_et_gb_content_width":"","footnotes":""},"class_list":["post-174","page","type-page","status-publish","hentry"],"_links":{"self":[{"href":"https:\/\/www.homar.pt\/novo\/wp-json\/wp\/v2\/pages\/174","targetHints":{"allow":["GET"]}}],"collection":[{"href":"https:\/\/www.homar.pt\/novo\/wp-json\/wp\/v2\/pages"}],"about":[{"href":"https:\/\/www.homar.pt\/novo\/wp-json\/wp\/v2\/types\/page"}],"author":[{"embeddable":true,"href":"https:\/\/www.homar.pt\/novo\/wp-json\/wp\/v2\/users\/1"}],"replies":[{"embeddable":true,"href":"https:\/\/www.homar.pt\/novo\/wp-json\/wp\/v2\/comments?post=174"}],"version-history":[{"count":15,"href":"https:\/\/www.homar.pt\/novo\/wp-json\/wp\/v2\/pages\/174\/revisions"}],"predecessor-version":[{"id":673,"href":"https:\/\/www.homar.pt\/novo\/wp-json\/wp\/v2\/pages\/174\/revisions\/673"}],"wp:attachment":[{"href":"https:\/\/www.homar.pt\/novo\/wp-json\/wp\/v2\/media?parent=174"}],"curies":[{"name":"wp","href":"https:\/\/api.w.org\/{rel}","templated":true}]}}